{"id":257,"date":"2024-12-20T09:59:27","date_gmt":"2024-12-20T08:59:27","guid":{"rendered":"https:\/\/jumpers.work\/exploraterra\/?page_id=257"},"modified":"2025-01-15T12:08:31","modified_gmt":"2025-01-15T11:08:31","slug":"noticias","status":"publish","type":"page","link":"https:\/\/jumpers.work\/exploraterra\/noticias\/","title":{"rendered":"Noticias"},"content":{"rendered":"\t\t<div data-elementor-type=\"wp-page\" data-elementor-id=\"257\" class=\"elementor elementor-257\" data-elementor-post-type=\"page\">\n\t\t\t\t<div class=\"elementor-element elementor-element-32d95162 e-con-full e-flex e-con e-parent\" data-id=\"32d95162\" data-element_type=\"container\" data-settings=\"{&quot;background_background&quot;:&quot;classic&quot;}\">\n\t\t\t\t<div class=\"elementor-element elementor-element-73fbdb8a elementor-widget elementor-widget-heading\" data-id=\"73fbdb8a\" data-element_type=\"widget\" data-widget_type=\"heading.default\">\n\t\t\t\t<div class=\"elementor-widget-container\">\n\t\t\t<h2 class=\"elementor-heading-title elementor-size-default\">Noticias<\/h2>\t\t<\/div>\n\t\t\t\t<\/div>\n\t\t\t\t<\/div>\n\t\t<div class=\"elementor-element elementor-element-1dd8e4ba e-con-full e-flex e-con e-parent\" data-id=\"1dd8e4ba\" data-element_type=\"container\">\n\t\t\t\t<div class=\"elementor-element elementor-element-54254a49 elementor-grid-4 elementor-grid-tablet-2 elementor-grid-mobile-1 elementor-posts--thumbnail-top elementor-card-shadow-yes elementor-posts__hover-gradient elementor-widget elementor-widget-posts\" data-id=\"54254a49\" data-element_type=\"widget\" data-settings=\"{&quot;cards_columns&quot;:&quot;4&quot;,&quot;cards_row_gap&quot;:{&quot;unit&quot;:&quot;px&quot;,&quot;size&quot;:34,&quot;sizes&quot;:[]},&quot;pagination_type&quot;:&quot;numbers&quot;,&quot;cards_columns_tablet&quot;:&quot;2&quot;,&quot;cards_columns_mobile&quot;:&quot;1&quot;,&quot;cards_row_gap_tablet&quot;:{&quot;unit&quot;:&quot;px&quot;,&quot;size&quot;:&quot;&quot;,&quot;sizes&quot;:[]},&quot;cards_row_gap_mobile&quot;:{&quot;unit&quot;:&quot;px&quot;,&quot;size&quot;:&quot;&quot;,&quot;sizes&quot;:[]}}\" data-widget_type=\"posts.cards\">\n\t\t\t\t<div class=\"elementor-widget-container\">\n\t\t\t\t\t<div class=\"elementor-posts-container elementor-posts elementor-posts--skin-cards elementor-grid\">\n\t\t\t\t<article class=\"elementor-post elementor-grid-item post-961 post type-post status-publish format-standard has-post-thumbnail hentry category-noticia\">\n\t\t\t<div class=\"elementor-post__card\">\n\t\t\t\t<a class=\"elementor-post__thumbnail__link\" href=\"https:\/\/jumpers.work\/exploraterra\/2024\/12\/03\/celebra-el-dia-de-andalucia-en-el-espacio-exploraterra-y-la-nao-victoria-500\/\" tabindex=\"-1\" ><div class=\"elementor-post__thumbnail\"><img fetchpriority=\"high\" decoding=\"async\" width=\"1654\" height=\"2339\" src=\"https:\/\/jumpers.work\/exploraterra\/wp-content\/uploads\/dia_de_la_bandera.jpg\" class=\"attachment-full size-full wp-image-962\" alt=\"\" srcset=\"https:\/\/jumpers.work\/exploraterra\/wp-content\/uploads\/dia_de_la_bandera.jpg 1654w, https:\/\/jumpers.work\/exploraterra\/wp-content\/uploads\/dia_de_la_bandera-212x300.jpg 212w, https:\/\/jumpers.work\/exploraterra\/wp-content\/uploads\/dia_de_la_bandera-724x1024.jpg 724w, https:\/\/jumpers.work\/exploraterra\/wp-content\/uploads\/dia_de_la_bandera-768x1086.jpg 768w, https:\/\/jumpers.work\/exploraterra\/wp-content\/uploads\/dia_de_la_bandera-1086x1536.jpg 1086w, https:\/\/jumpers.work\/exploraterra\/wp-content\/uploads\/dia_de_la_bandera-1448x2048.jpg 1448w\" sizes=\"(max-width: 1654px) 100vw, 1654px\" \/><\/div><\/a>\n\t\t\t\t<div class=\"elementor-post__badge\">Noticia<\/div>\n\t\t\t\t<div class=\"elementor-post__text\">\n\t\t\t\t<h3 class=\"elementor-post__title\">\n\t\t\t<a href=\"https:\/\/jumpers.work\/exploraterra\/2024\/12\/03\/celebra-el-dia-de-andalucia-en-el-espacio-exploraterra-y-la-nao-victoria-500\/\" >\n\t\t\t\tCelebra el D\u00eda de Andaluc\u00eda en el Espacio Exploraterra y la Nao Victoria 500\t\t\t<\/a>\n\t\t<\/h3>\n\t\t\t\t<div class=\"elementor-post__excerpt\">\n\t\t\t<p>Un d\u00eda especial para celebrar el legado Andaluz en la historia de los exploradores Sevilla, 3 de diciembre de 2024<\/p>\n\t\t<\/div>\n\t\t\n\t\t<a class=\"elementor-post__read-more\" href=\"https:\/\/jumpers.work\/exploraterra\/2024\/12\/03\/celebra-el-dia-de-andalucia-en-el-espacio-exploraterra-y-la-nao-victoria-500\/\" aria-label=\"Read more about Celebra el D\u00eda de Andaluc\u00eda en el Espacio Exploraterra y la Nao Victoria 500\" tabindex=\"-1\" >\n\t\t\tLeer m\u00e1s\t\t<\/a>\n\n\t\t\t\t<\/div>\n\t\t\t\t<div class=\"elementor-post__meta-data\">\n\t\t\t\t\t<span class=\"elementor-post-date\">\n\t\t\t3 de diciembre de 2024\t\t<\/span>\n\t\t\t\t<\/div>\n\t\t\t\t\t<\/div>\n\t\t<\/article>\n\t\t\t\t<article class=\"elementor-post elementor-grid-item post-963 post type-post status-publish format-standard has-post-thumbnail hentry category-noticia\">\n\t\t\t<div class=\"elementor-post__card\">\n\t\t\t\t<a class=\"elementor-post__thumbnail__link\" href=\"https:\/\/jumpers.work\/exploraterra\/2024\/11\/28\/la-magia-navidena-llega-al-espacio-exploraterra-y-la-nao-victoria-500\/\" tabindex=\"-1\" ><div class=\"elementor-post__thumbnail\"><img decoding=\"async\" width=\"1810\" height=\"2560\" src=\"https:\/\/jumpers.work\/exploraterra\/wp-content\/uploads\/programacion_navidena_2024_-1-scaled.jpg\" class=\"attachment-full size-full wp-image-964\" alt=\"\" srcset=\"https:\/\/jumpers.work\/exploraterra\/wp-content\/uploads\/programacion_navidena_2024_-1-scaled.jpg 1810w, https:\/\/jumpers.work\/exploraterra\/wp-content\/uploads\/programacion_navidena_2024_-1-scaled-212x300.jpg 212w, https:\/\/jumpers.work\/exploraterra\/wp-content\/uploads\/programacion_navidena_2024_-1-scaled-724x1024.jpg 724w, https:\/\/jumpers.work\/exploraterra\/wp-content\/uploads\/programacion_navidena_2024_-1-scaled-768x1086.jpg 768w, https:\/\/jumpers.work\/exploraterra\/wp-content\/uploads\/programacion_navidena_2024_-1-scaled-1086x1536.jpg 1086w, https:\/\/jumpers.work\/exploraterra\/wp-content\/uploads\/programacion_navidena_2024_-1-scaled-1448x2048.jpg 1448w\" sizes=\"(max-width: 1810px) 100vw, 1810px\" \/><\/div><\/a>\n\t\t\t\t<div class=\"elementor-post__badge\">Noticia<\/div>\n\t\t\t\t<div class=\"elementor-post__text\">\n\t\t\t\t<h3 class=\"elementor-post__title\">\n\t\t\t<a href=\"https:\/\/jumpers.work\/exploraterra\/2024\/11\/28\/la-magia-navidena-llega-al-espacio-exploraterra-y-la-nao-victoria-500\/\" >\n\t\t\t\tLa Magia Navide\u00f1a llega al Espacio Exploraterra y la Nao Victoria 500\t\t\t<\/a>\n\t\t<\/h3>\n\t\t\t\t<div class=\"elementor-post__excerpt\">\n\t\t\t<p>Una programaci\u00f3n navide\u00f1a enfocada en la \u00e9poca de los Descubrimientos y la Primera Vuelta al Mundo para todas las edades.<\/p>\n\t\t<\/div>\n\t\t\n\t\t<a class=\"elementor-post__read-more\" href=\"https:\/\/jumpers.work\/exploraterra\/2024\/11\/28\/la-magia-navidena-llega-al-espacio-exploraterra-y-la-nao-victoria-500\/\" aria-label=\"Read more about La Magia Navide\u00f1a llega al Espacio Exploraterra y la Nao Victoria 500\" tabindex=\"-1\" >\n\t\t\tLeer m\u00e1s\t\t<\/a>\n\n\t\t\t\t<\/div>\n\t\t\t\t<div class=\"elementor-post__meta-data\">\n\t\t\t\t\t<span class=\"elementor-post-date\">\n\t\t\t28 de noviembre de 2024\t\t<\/span>\n\t\t\t\t<\/div>\n\t\t\t\t\t<\/div>\n\t\t<\/article>\n\t\t\t\t<article class=\"elementor-post elementor-grid-item post-965 post type-post status-publish format-standard has-post-thumbnail hentry category-noticia\">\n\t\t\t<div class=\"elementor-post__card\">\n\t\t\t\t<a class=\"elementor-post__thumbnail__link\" href=\"https:\/\/jumpers.work\/exploraterra\/2024\/09\/24\/la-camara-de-sevilla-acoge-el-iv-encuentro-nacional-de-clubes-camara\/\" tabindex=\"-1\" ><div class=\"elementor-post__thumbnail\"><img decoding=\"async\" width=\"2048\" height=\"1365\" src=\"https:\/\/jumpers.work\/exploraterra\/wp-content\/uploads\/IMG_2922-2048x1365-1.jpg\" class=\"attachment-full size-full wp-image-966\" alt=\"\" srcset=\"https:\/\/jumpers.work\/exploraterra\/wp-content\/uploads\/IMG_2922-2048x1365-1.jpg 2048w, https:\/\/jumpers.work\/exploraterra\/wp-content\/uploads\/IMG_2922-2048x1365-1-300x200.jpg 300w, https:\/\/jumpers.work\/exploraterra\/wp-content\/uploads\/IMG_2922-2048x1365-1-1024x683.jpg 1024w, https:\/\/jumpers.work\/exploraterra\/wp-content\/uploads\/IMG_2922-2048x1365-1-768x512.jpg 768w, https:\/\/jumpers.work\/exploraterra\/wp-content\/uploads\/IMG_2922-2048x1365-1-1536x1024.jpg 1536w\" sizes=\"(max-width: 2048px) 100vw, 2048px\" \/><\/div><\/a>\n\t\t\t\t<div class=\"elementor-post__badge\">Noticia<\/div>\n\t\t\t\t<div class=\"elementor-post__text\">\n\t\t\t\t<h3 class=\"elementor-post__title\">\n\t\t\t<a href=\"https:\/\/jumpers.work\/exploraterra\/2024\/09\/24\/la-camara-de-sevilla-acoge-el-iv-encuentro-nacional-de-clubes-camara\/\" >\n\t\t\t\tLa C\u00e1mara de Sevilla acoge el IV Encuentro Nacional de Clubes C\u00e1mara\t\t\t<\/a>\n\t\t<\/h3>\n\t\t\t\t<div class=\"elementor-post__excerpt\">\n\t\t\t<p>Una oportunidad de networking nacional para generar negocio, reforzar conexiones y crear nuevas alianzas La C\u00e1mara de Comercio de Sevilla<\/p>\n\t\t<\/div>\n\t\t\n\t\t<a class=\"elementor-post__read-more\" href=\"https:\/\/jumpers.work\/exploraterra\/2024\/09\/24\/la-camara-de-sevilla-acoge-el-iv-encuentro-nacional-de-clubes-camara\/\" aria-label=\"Read more about La C\u00e1mara de Sevilla acoge el IV Encuentro Nacional de Clubes C\u00e1mara\" tabindex=\"-1\" >\n\t\t\tLeer m\u00e1s\t\t<\/a>\n\n\t\t\t\t<\/div>\n\t\t\t\t<div class=\"elementor-post__meta-data\">\n\t\t\t\t\t<span class=\"elementor-post-date\">\n\t\t\t24 de septiembre de 2024\t\t<\/span>\n\t\t\t\t<\/div>\n\t\t\t\t\t<\/div>\n\t\t<\/article>\n\t\t\t\t<article class=\"elementor-post elementor-grid-item post-967 post type-post status-publish format-standard has-post-thumbnail hentry category-noticia\">\n\t\t\t<div class=\"elementor-post__card\">\n\t\t\t\t<a class=\"elementor-post__thumbnail__link\" href=\"https:\/\/jumpers.work\/exploraterra\/2024\/08\/07\/la-fundacion-cajasol-y-la-fundacion-nao-victoria-acercan-la-primera-vuelta-al-mundo-a-colectivos-sociales-y-a-la-comunidad-educativa\/\" tabindex=\"-1\" ><div class=\"elementor-post__thumbnail\"><img loading=\"lazy\" decoding=\"async\" width=\"2048\" height=\"1380\" src=\"https:\/\/jumpers.work\/exploraterra\/wp-content\/uploads\/foto.jpg\" class=\"attachment-full size-full wp-image-968\" alt=\"\" srcset=\"https:\/\/jumpers.work\/exploraterra\/wp-content\/uploads\/foto.jpg 2048w, https:\/\/jumpers.work\/exploraterra\/wp-content\/uploads\/foto-300x202.jpg 300w, https:\/\/jumpers.work\/exploraterra\/wp-content\/uploads\/foto-1024x690.jpg 1024w, https:\/\/jumpers.work\/exploraterra\/wp-content\/uploads\/foto-768x518.jpg 768w, https:\/\/jumpers.work\/exploraterra\/wp-content\/uploads\/foto-1536x1035.jpg 1536w\" sizes=\"(max-width: 2048px) 100vw, 2048px\" \/><\/div><\/a>\n\t\t\t\t<div class=\"elementor-post__badge\">Noticia<\/div>\n\t\t\t\t<div class=\"elementor-post__text\">\n\t\t\t\t<h3 class=\"elementor-post__title\">\n\t\t\t<a href=\"https:\/\/jumpers.work\/exploraterra\/2024\/08\/07\/la-fundacion-cajasol-y-la-fundacion-nao-victoria-acercan-la-primera-vuelta-al-mundo-a-colectivos-sociales-y-a-la-comunidad-educativa\/\" >\n\t\t\t\tLa Fundaci\u00f3n Cajasol y la Fundaci\u00f3n Nao Victoria acercan la Primera Vuelta al Mundo a colectivos sociales y a la comunidad educativa\t\t\t<\/a>\n\t\t<\/h3>\n\t\t\t\t<div class=\"elementor-post__excerpt\">\n\t\t\t<p>Sevilla, 12 de agosto de 2024.&#8211; El presidente de la Fundaci\u00f3n Cajasol, Antonio Pulido, ha visitado el Espacio Exploraterra de<\/p>\n\t\t<\/div>\n\t\t\n\t\t<a class=\"elementor-post__read-more\" href=\"https:\/\/jumpers.work\/exploraterra\/2024\/08\/07\/la-fundacion-cajasol-y-la-fundacion-nao-victoria-acercan-la-primera-vuelta-al-mundo-a-colectivos-sociales-y-a-la-comunidad-educativa\/\" aria-label=\"Read more about La Fundaci\u00f3n Cajasol y la Fundaci\u00f3n Nao Victoria acercan la Primera Vuelta al Mundo a colectivos sociales y a la comunidad educativa\" tabindex=\"-1\" >\n\t\t\tLeer m\u00e1s\t\t<\/a>\n\n\t\t\t\t<\/div>\n\t\t\t\t<div class=\"elementor-post__meta-data\">\n\t\t\t\t\t<span class=\"elementor-post-date\">\n\t\t\t7 de agosto de 2024\t\t<\/span>\n\t\t\t\t<\/div>\n\t\t\t\t\t<\/div>\n\t\t<\/article>\n\t\t\t\t<article class=\"elementor-post elementor-grid-item post-969 post type-post status-publish format-standard has-post-thumbnail hentry category-eventos category-noticia\">\n\t\t\t<div class=\"elementor-post__card\">\n\t\t\t\t<a class=\"elementor-post__thumbnail__link\" href=\"https:\/\/jumpers.work\/exploraterra\/2024\/06\/26\/la-fundacion-nao-victoria-embajadora-de-andalucia-en-el-mundo\/\" tabindex=\"-1\" ><div class=\"elementor-post__thumbnail\"><img loading=\"lazy\" decoding=\"async\" width=\"2560\" height=\"1954\" src=\"https:\/\/jumpers.work\/exploraterra\/wp-content\/uploads\/firma_convenido_jda_fnv-scaled.jpg\" class=\"attachment-full size-full wp-image-970\" alt=\"\" srcset=\"https:\/\/jumpers.work\/exploraterra\/wp-content\/uploads\/firma_convenido_jda_fnv-scaled.jpg 2560w, https:\/\/jumpers.work\/exploraterra\/wp-content\/uploads\/firma_convenido_jda_fnv-scaled-300x229.jpg 300w, https:\/\/jumpers.work\/exploraterra\/wp-content\/uploads\/firma_convenido_jda_fnv-scaled-1024x782.jpg 1024w, https:\/\/jumpers.work\/exploraterra\/wp-content\/uploads\/firma_convenido_jda_fnv-scaled-768x586.jpg 768w, https:\/\/jumpers.work\/exploraterra\/wp-content\/uploads\/firma_convenido_jda_fnv-scaled-1536x1172.jpg 1536w, https:\/\/jumpers.work\/exploraterra\/wp-content\/uploads\/firma_convenido_jda_fnv-scaled-2048x1563.jpg 2048w\" sizes=\"(max-width: 2560px) 100vw, 2560px\" \/><\/div><\/a>\n\t\t\t\t<div class=\"elementor-post__badge\">Eventos<\/div>\n\t\t\t\t<div class=\"elementor-post__text\">\n\t\t\t\t<h3 class=\"elementor-post__title\">\n\t\t\t<a href=\"https:\/\/jumpers.work\/exploraterra\/2024\/06\/26\/la-fundacion-nao-victoria-embajadora-de-andalucia-en-el-mundo\/\" >\n\t\t\t\tLa Fundaci\u00f3n Nao Victoria, embajadora de Andaluc\u00eda en el mundo\t\t\t<\/a>\n\t\t<\/h3>\n\t\t\t\t<div class=\"elementor-post__excerpt\">\n\t\t\t<p>La Junta de Andaluc\u00eda firma un acuerdo con la Fundaci\u00f3n Nao Victoria para la promoci\u00f3n Andaluc\u00eda con sus barcos hist\u00f3ricos<\/p>\n\t\t<\/div>\n\t\t\n\t\t<a class=\"elementor-post__read-more\" href=\"https:\/\/jumpers.work\/exploraterra\/2024\/06\/26\/la-fundacion-nao-victoria-embajadora-de-andalucia-en-el-mundo\/\" aria-label=\"Read more about La Fundaci\u00f3n Nao Victoria, embajadora de Andaluc\u00eda en el mundo\" tabindex=\"-1\" >\n\t\t\tLeer m\u00e1s\t\t<\/a>\n\n\t\t\t\t<\/div>\n\t\t\t\t<div class=\"elementor-post__meta-data\">\n\t\t\t\t\t<span class=\"elementor-post-date\">\n\t\t\t26 de junio de 2024\t\t<\/span>\n\t\t\t\t<\/div>\n\t\t\t\t\t<\/div>\n\t\t<\/article>\n\t\t\t\t<article class=\"elementor-post elementor-grid-item post-971 post type-post status-publish format-standard has-post-thumbnail hentry category-eventos category-noticia\">\n\t\t\t<div class=\"elementor-post__card\">\n\t\t\t\t<a class=\"elementor-post__thumbnail__link\" href=\"https:\/\/jumpers.work\/exploraterra\/2024\/06\/24\/la-comision-europea-presenta-en-el-espacio-exploraterra-la-creacion-en-sevilla-del-centro-de-innovacion-para-la-transformacion-industrial-y-las-emisiones-incite-para-avanzar-en-la-descarbonizacion-y-d\/\" tabindex=\"-1\" ><div class=\"elementor-post__thumbnail\"><img loading=\"lazy\" decoding=\"async\" width=\"2560\" height=\"1707\" src=\"https:\/\/jumpers.work\/exploraterra\/wp-content\/uploads\/INCITE-2024-\u00a9narrable-_133-copia-scaled.jpg\" class=\"attachment-full size-full wp-image-981\" alt=\"\" srcset=\"https:\/\/jumpers.work\/exploraterra\/wp-content\/uploads\/INCITE-2024-\u00a9narrable-_133-copia-scaled.jpg 2560w, https:\/\/jumpers.work\/exploraterra\/wp-content\/uploads\/INCITE-2024-\u00a9narrable-_133-copia-scaled-300x200.jpg 300w, https:\/\/jumpers.work\/exploraterra\/wp-content\/uploads\/INCITE-2024-\u00a9narrable-_133-copia-scaled-1024x683.jpg 1024w, https:\/\/jumpers.work\/exploraterra\/wp-content\/uploads\/INCITE-2024-\u00a9narrable-_133-copia-scaled-768x512.jpg 768w, https:\/\/jumpers.work\/exploraterra\/wp-content\/uploads\/INCITE-2024-\u00a9narrable-_133-copia-scaled-1536x1024.jpg 1536w, https:\/\/jumpers.work\/exploraterra\/wp-content\/uploads\/INCITE-2024-\u00a9narrable-_133-copia-scaled-2048x1366.jpg 2048w\" sizes=\"(max-width: 2560px) 100vw, 2560px\" \/><\/div><\/a>\n\t\t\t\t<div class=\"elementor-post__badge\">Eventos<\/div>\n\t\t\t\t<div class=\"elementor-post__text\">\n\t\t\t\t<h3 class=\"elementor-post__title\">\n\t\t\t<a href=\"https:\/\/jumpers.work\/exploraterra\/2024\/06\/24\/la-comision-europea-presenta-en-el-espacio-exploraterra-la-creacion-en-sevilla-del-centro-de-innovacion-para-la-transformacion-industrial-y-las-emisiones-incite-para-avanzar-en-la-descarbonizacion-y-d\/\" >\n\t\t\t\tLa Comisi\u00f3n Europea presenta en el Espacio Exploraterra la creaci\u00f3n en Sevilla del Centro de Innovaci\u00f3n para la Transformaci\u00f3n Industrial y las Emisiones (INCITE) para avanzar en la descarbonizaci\u00f3n y descontaminaci\u00f3n\t\t\t<\/a>\n\t\t<\/h3>\n\t\t\t\t<div class=\"elementor-post__excerpt\">\n\t\t\t<p>El Centro Com\u00fan de Investigaci\u00f3n (JRC, por sus siglas en ingl\u00e9s) de la Comisi\u00f3n Europea ha presentado hoy el Centro<\/p>\n\t\t<\/div>\n\t\t\n\t\t<a class=\"elementor-post__read-more\" href=\"https:\/\/jumpers.work\/exploraterra\/2024\/06\/24\/la-comision-europea-presenta-en-el-espacio-exploraterra-la-creacion-en-sevilla-del-centro-de-innovacion-para-la-transformacion-industrial-y-las-emisiones-incite-para-avanzar-en-la-descarbonizacion-y-d\/\" aria-label=\"Read more about La Comisi\u00f3n Europea presenta en el Espacio Exploraterra la creaci\u00f3n en Sevilla del Centro de Innovaci\u00f3n para la Transformaci\u00f3n Industrial y las Emisiones (INCITE) para avanzar en la descarbonizaci\u00f3n y descontaminaci\u00f3n\" tabindex=\"-1\" >\n\t\t\tLeer m\u00e1s\t\t<\/a>\n\n\t\t\t\t<\/div>\n\t\t\t\t<div class=\"elementor-post__meta-data\">\n\t\t\t\t\t<span class=\"elementor-post-date\">\n\t\t\t24 de junio de 2024\t\t<\/span>\n\t\t\t\t<\/div>\n\t\t\t\t\t<\/div>\n\t\t<\/article>\n\t\t\t\t<article class=\"elementor-post elementor-grid-item post-1003 post type-post status-publish format-standard has-post-thumbnail hentry category-noticia\">\n\t\t\t<div class=\"elementor-post__card\">\n\t\t\t\t<a class=\"elementor-post__thumbnail__link\" href=\"https:\/\/jumpers.work\/exploraterra\/2024\/06\/11\/la-asociacion-de-hoteles-de-sevilla-y-provincia-presenta-las-novedades-de-sevilla-hotel-plus-en-la-nao-victoria-500\/\" tabindex=\"-1\" ><div class=\"elementor-post__thumbnail\"><img loading=\"lazy\" decoding=\"async\" width=\"1280\" height=\"591\" src=\"https:\/\/jumpers.work\/exploraterra\/wp-content\/uploads\/1718024205851.jpg\" class=\"attachment-full size-full wp-image-1004\" alt=\"\" srcset=\"https:\/\/jumpers.work\/exploraterra\/wp-content\/uploads\/1718024205851.jpg 1280w, https:\/\/jumpers.work\/exploraterra\/wp-content\/uploads\/1718024205851-300x139.jpg 300w, https:\/\/jumpers.work\/exploraterra\/wp-content\/uploads\/1718024205851-1024x473.jpg 1024w, https:\/\/jumpers.work\/exploraterra\/wp-content\/uploads\/1718024205851-768x355.jpg 768w\" sizes=\"(max-width: 1280px) 100vw, 1280px\" \/><\/div><\/a>\n\t\t\t\t<div class=\"elementor-post__badge\">Noticia<\/div>\n\t\t\t\t<div class=\"elementor-post__text\">\n\t\t\t\t<h3 class=\"elementor-post__title\">\n\t\t\t<a href=\"https:\/\/jumpers.work\/exploraterra\/2024\/06\/11\/la-asociacion-de-hoteles-de-sevilla-y-provincia-presenta-las-novedades-de-sevilla-hotel-plus-en-la-nao-victoria-500\/\" >\n\t\t\t\tLa Asociaci\u00f3n de Hoteles de Sevilla y Provincia presenta las novedades de &#8216;Sevilla Hotel Plus&#8217; en la Nao Victoria 500\t\t\t<\/a>\n\t\t<\/h3>\n\t\t\t\t<div class=\"elementor-post__excerpt\">\n\t\t\t<p>Fuente: COPE Sevilla La Asociaci\u00f3n de Hoteles de Sevilla y Provincia presenta las novedades de &#8216;Sevilla Hotel Plus&#8217;, con descuentos<\/p>\n\t\t<\/div>\n\t\t\n\t\t<a class=\"elementor-post__read-more\" href=\"https:\/\/jumpers.work\/exploraterra\/2024\/06\/11\/la-asociacion-de-hoteles-de-sevilla-y-provincia-presenta-las-novedades-de-sevilla-hotel-plus-en-la-nao-victoria-500\/\" aria-label=\"Read more about La Asociaci\u00f3n de Hoteles de Sevilla y Provincia presenta las novedades de &#8216;Sevilla Hotel Plus&#8217; en la Nao Victoria 500\" tabindex=\"-1\" >\n\t\t\tLeer m\u00e1s\t\t<\/a>\n\n\t\t\t\t<\/div>\n\t\t\t\t<div class=\"elementor-post__meta-data\">\n\t\t\t\t\t<span class=\"elementor-post-date\">\n\t\t\t11 de junio de 2024\t\t<\/span>\n\t\t\t\t<\/div>\n\t\t\t\t\t<\/div>\n\t\t<\/article>\n\t\t\t\t<article class=\"elementor-post elementor-grid-item post-1005 post type-post status-publish format-standard has-post-thumbnail hentry category-noticia\">\n\t\t\t<div class=\"elementor-post__card\">\n\t\t\t\t<a class=\"elementor-post__thumbnail__link\" href=\"https:\/\/jumpers.work\/exploraterra\/2024\/06\/10\/el-colegio-de-enfermeria-de-sevilla-concede-sus-premios-nacionales-ciudad-de-sevilla-en-el-espacio-exploraterra\/\" tabindex=\"-1\" ><div class=\"elementor-post__thumbnail\"><img loading=\"lazy\" decoding=\"async\" width=\"1024\" height=\"730\" src=\"https:\/\/jumpers.work\/exploraterra\/wp-content\/uploads\/fotogrupo-2048x1460-1-1024x730-1.jpeg\" class=\"attachment-full size-full wp-image-1006\" alt=\"\" srcset=\"https:\/\/jumpers.work\/exploraterra\/wp-content\/uploads\/fotogrupo-2048x1460-1-1024x730-1.jpeg 1024w, https:\/\/jumpers.work\/exploraterra\/wp-content\/uploads\/fotogrupo-2048x1460-1-1024x730-1-300x214.jpeg 300w, https:\/\/jumpers.work\/exploraterra\/wp-content\/uploads\/fotogrupo-2048x1460-1-1024x730-1-768x548.jpeg 768w\" sizes=\"(max-width: 1024px) 100vw, 1024px\" \/><\/div><\/a>\n\t\t\t\t<div class=\"elementor-post__badge\">Noticia<\/div>\n\t\t\t\t<div class=\"elementor-post__text\">\n\t\t\t\t<h3 class=\"elementor-post__title\">\n\t\t\t<a href=\"https:\/\/jumpers.work\/exploraterra\/2024\/06\/10\/el-colegio-de-enfermeria-de-sevilla-concede-sus-premios-nacionales-ciudad-de-sevilla-en-el-espacio-exploraterra\/\" >\n\t\t\t\tEl Colegio de Enfermer\u00eda de Sevilla concede sus Premios Nacionales \u2018Ciudad de Sevilla\u2019 en el Espacio Exploraterra\t\t\t<\/a>\n\t\t<\/h3>\n\t\t\t\t<div class=\"elementor-post__excerpt\">\n\t\t\t<p>Fuente: Consejo Andaluz de Colegios de Enfermer\u00eda El Ilustre Colegio Oficial de Enfermer\u00eda (ICOES) ha concedido los premios \u2018Ciudad de<\/p>\n\t\t<\/div>\n\t\t\n\t\t<a class=\"elementor-post__read-more\" href=\"https:\/\/jumpers.work\/exploraterra\/2024\/06\/10\/el-colegio-de-enfermeria-de-sevilla-concede-sus-premios-nacionales-ciudad-de-sevilla-en-el-espacio-exploraterra\/\" aria-label=\"Read more about El Colegio de Enfermer\u00eda de Sevilla concede sus Premios Nacionales \u2018Ciudad de Sevilla\u2019 en el Espacio Exploraterra\" tabindex=\"-1\" >\n\t\t\tLeer m\u00e1s\t\t<\/a>\n\n\t\t\t\t<\/div>\n\t\t\t\t<div class=\"elementor-post__meta-data\">\n\t\t\t\t\t<span class=\"elementor-post-date\">\n\t\t\t10 de junio de 2024\t\t<\/span>\n\t\t\t\t<\/div>\n\t\t\t\t\t<\/div>\n\t\t<\/article>\n\t\t\t\t<\/div>\n\t\t\n\t\t\t\t<div class=\"e-load-more-anchor\" data-page=\"1\" data-max-page=\"3\" data-next-page=\"https:\/\/jumpers.work\/exploraterra\/wp-json\/wp\/v2\/pages\/257\/page\/2\/\"><\/div>\n\t\t\t\t<nav class=\"elementor-pagination\" aria-label=\"Pagination\">\n\t\t\t<span aria-current=\"page\" class=\"page-numbers current\"><span class=\"elementor-screen-only\">Page<\/span>1<\/span>\n<a class=\"page-numbers\" href=\"https:\/\/jumpers.work\/exploraterra\/wp-json\/wp\/v2\/pages\/257\/page\/2\/\"><span class=\"elementor-screen-only\">Page<\/span>2<\/a>\n<a class=\"page-numbers\" href=\"https:\/\/jumpers.work\/exploraterra\/wp-json\/wp\/v2\/pages\/257\/page\/3\/\"><span class=\"elementor-screen-only\">Page<\/span>3<\/a>\t\t<\/nav>\n\t\t\t\t<\/div>\n\t\t\t\t<\/div>\n\t\t\t\t<\/div>\n\t\t\t\t<\/div>\n\t\t","protected":false},"excerpt":{"rendered":"<p>Noticias<\/p>\n","protected":false},"author":1,"featured_media":0,"parent":0,"menu_order":0,"comment_status":"closed","ping_status":"closed","template":"","meta":{"footnotes":""},"class_list":["post-257","page","type-page","status-publish","hentry"],"_links":{"self":[{"href":"https:\/\/jumpers.work\/exploraterra\/wp-json\/wp\/v2\/pages\/257","targetHints":{"allow":["GET"]}}],"collection":[{"href":"https:\/\/jumpers.work\/exploraterra\/wp-json\/wp\/v2\/pages"}],"about":[{"href":"https:\/\/jumpers.work\/exploraterra\/wp-json\/wp\/v2\/types\/page"}],"author":[{"embeddable":true,"href":"https:\/\/jumpers.work\/exploraterra\/wp-json\/wp\/v2\/users\/1"}],"replies":[{"embeddable":true,"href":"https:\/\/jumpers.work\/exploraterra\/wp-json\/wp\/v2\/comments?post=257"}],"version-history":[{"count":28,"href":"https:\/\/jumpers.work\/exploraterra\/wp-json\/wp\/v2\/pages\/257\/revisions"}],"predecessor-version":[{"id":1041,"href":"https:\/\/jumpers.work\/exploraterra\/wp-json\/wp\/v2\/pages\/257\/revisions\/1041"}],"wp:attachment":[{"href":"https:\/\/jumpers.work\/exploraterra\/wp-json\/wp\/v2\/media?parent=257"}],"curies":[{"name":"wp","href":"https:\/\/api.w.org\/{rel}","templated":true}]}}